{"id":3192,"date":"2023-04-14T12:54:13","date_gmt":"2023-04-14T10:54:13","guid":{"rendered":"https:\/\/arnoldsportsfestivaleurope.com\/?page_id=3192"},"modified":"2024-10-18T01:15:47","modified_gmt":"2024-10-17T23:15:47","slug":"press-releases","status":"publish","type":"page","link":"https:\/\/arnoldsportsfestivaleurope.com\/en\/press-releases\/","title":{"rendered":"Press Releases"},"content":{"rendered":"<div class=\"fusion-fullwidth fullwidth-box fusion-builder-row-1 fusion-flex-container has-pattern-background has-mask-background nonhundred-percent-fullwidth non-hundred-percent-height-scrolling\" style=\"--awb-border-radius-top-left:0px;--awb-border-radius-top-right:0px;--awb-border-radius-bottom-right:0px;--awb-border-radius-bottom-left:0px;--awb-flex-wrap:wrap;\" ><div class=\"fusion-builder-row fusion-row fusion-flex-align-items-flex-start fusion-flex-content-wrap\" style=\"max-width:1393.6px;margin-left: calc(-4% \/ 2 );margin-right: calc(-4% \/ 2 );\"><div class=\"fusion-layout-column fusion_builder_column fusion-builder-column-0 fusion_builder_column_1_1 1_1 fusion-flex-column\" style=\"--awb-bg-size:cover;--awb-width-large:100%;--awb-margin-top-large:0px;--awb-spacing-right-large:1.92%;--awb-margin-bottom-large:20px;--awb-spacing-left-large:1.92%;--awb-width-medium:100%;--awb-order-medium:0;--awb-spacing-right-medium:1.92%;--awb-spacing-left-medium:1.92%;--awb-width-small:100%;--awb-order-small:0;--awb-spacing-right-small:1.92%;--awb-spacing-left-small:1.92%;\"><div class=\"fusion-column-wrapper fusion-column-has-shadow fusion-flex-justify-content-flex-start fusion-content-layout-column\"><div class=\"fusion-tabs fusion-tabs-1 classic nav-is-justified horizontal-tabs icon-position-left mobile-mode-accordion\" style=\"--awb-title-border-radius-top-left:0px;--awb-title-border-radius-top-right:0px;--awb-title-border-radius-bottom-right:0px;--awb-title-border-radius-bottom-left:0px;--awb-title-font-size:18px;--awb-alignment:start;--awb-inactive-color:var(--awb-color2);--awb-background-color:var(--awb-color1);--awb-border-color:hsla(var(--awb-color8-h),var(--awb-color8-s),calc( var(--awb-color8-l) + 76% ),var(--awb-color8-a));--awb-active-border-color:var(--awb-color4);\"><div class=\"nav\"><ul class=\"nav-tabs nav-justified\" role=\"tablist\"><li class=\"active\" role=\"presentation\"><a class=\"tab-link\" data-toggle=\"tab\" role=\"tab\" aria-controls=\"tab-9d77c376c42cb19ad90\" aria-selected=\"true\" id=\"fusion-tab-2023\" href=\"#tab-9d77c376c42cb19ad90\"><h4 class=\"fusion-tab-heading\">2023<\/h4><\/a><\/li><li role=\"presentation\"><a class=\"tab-link\" data-toggle=\"tab\" role=\"tab\" aria-controls=\"tab-6dfafd80a0476331725\" aria-selected=\"false\" tabindex=\"-1\" id=\"fusion-tab-2023\" href=\"#tab-6dfafd80a0476331725\"><h4 class=\"fusion-tab-heading\">2023<\/h4><\/a><\/li><li role=\"presentation\"><a class=\"tab-link\" data-toggle=\"tab\" role=\"tab\" aria-controls=\"tab-1f12bb2ea6f4bd2d6ce\" aria-selected=\"false\" tabindex=\"-1\" id=\"fusion-tab-2022\" href=\"#tab-1f12bb2ea6f4bd2d6ce\"><h4 class=\"fusion-tab-heading\">2022<\/h4><\/a><\/li><li role=\"presentation\"><a class=\"tab-link\" data-toggle=\"tab\" role=\"tab\" aria-controls=\"tab-a030cb16bbcc50d1cfb\" aria-selected=\"false\" tabindex=\"-1\" id=\"fusion-tab-2022(youtube)\" href=\"#tab-a030cb16bbcc50d1cfb\"><h4 class=\"fusion-tab-heading\">2022 (YouTube)<\/h4><\/a><\/li><li role=\"presentation\"><a class=\"tab-link\" data-toggle=\"tab\" role=\"tab\" aria-controls=\"tab-0926e95f1aa096bdf5a\" aria-selected=\"false\" tabindex=\"-1\" id=\"fusion-tab-2021\" href=\"#tab-0926e95f1aa096bdf5a\"><h4 class=\"fusion-tab-heading\">2021<\/h4><\/a><\/li><li role=\"presentation\"><a class=\"tab-link\" data-toggle=\"tab\" role=\"tab\" aria-controls=\"tab-0bb64eb2553e02cafa3\" aria-selected=\"false\" tabindex=\"-1\" id=\"fusion-tab-2020\" href=\"#tab-0bb64eb2553e02cafa3\"><h4 class=\"fusion-tab-heading\">2020<\/h4><\/a><\/li><li role=\"presentation\"><a class=\"tab-link\" data-toggle=\"tab\" role=\"tab\" aria-controls=\"tab-069cd9043e2ea560376\" aria-selected=\"false\" tabindex=\"-1\" id=\"fusion-tab-2019\" href=\"#tab-069cd9043e2ea560376\"><h4 class=\"fusion-tab-heading\">2019<\/h4><\/a><\/li><li role=\"presentation\"><a class=\"tab-link\" data-toggle=\"tab\" role=\"tab\" aria-controls=\"tab-d15bc57d5b8a854661f\" aria-selected=\"false\" tabindex=\"-1\" id=\"fusion-tab-2018\" href=\"#tab-d15bc57d5b8a854661f\"><h4 class=\"fusion-tab-heading\">2018<\/h4><\/a><\/li><li role=\"presentation\"><a class=\"tab-link\" data-toggle=\"tab\" role=\"tab\" aria-controls=\"tab-a3d5a5658b9909bbd68\" aria-selected=\"false\" tabindex=\"-1\" id=\"fusion-tab-2017\" href=\"#tab-a3d5a5658b9909bbd68\"><h4 class=\"fusion-tab-heading\">2017<\/h4><\/a><\/li><li role=\"presentation\"><a class=\"tab-link\" data-toggle=\"tab\" role=\"tab\" aria-controls=\"tab-02fc80efe9805894c74\" aria-selected=\"false\" tabindex=\"-1\" id=\"fusion-tab-2016\" href=\"#tab-02fc80efe9805894c74\"><h4 class=\"fusion-tab-heading\">2016<\/h4><\/a><\/li><\/ul><\/div><div class=\"tab-content\"><div class=\"nav fusion-mobile-tab-nav\"><ul class=\"nav-tabs nav-justified\" role=\"tablist\"><li class=\"active\" role=\"presentation\"><a class=\"tab-link\" data-toggle=\"tab\" role=\"tab\" aria-controls=\"tab-9d77c376c42cb19ad90\" aria-selected=\"true\" id=\"mobile-fusion-tab-2023\" href=\"#tab-9d77c376c42cb19ad90\"><h4 class=\"fusion-tab-heading\">2023<\/h4><\/a><\/li><\/ul><\/div><div class=\"tab-pane fade fusion-clearfix in active\" role=\"tabpanel\" tabindex=\"0\" aria-labelledby=\"fusion-tab-2023\" id=\"tab-9d77c376c42cb19ad90\">\n\n<table id=\"tablepress-prensa-2024\" class=\"tablepress tablepress-id-prensa-2024\">\n<thead>\n<tr class=\"row-1\">\n\t<th class=\"column-1\"><strong>FECHA<\/strong><\/th><th class=\"column-2\"><strong>MEDIO<\/strong><\/th><th class=\"column-3\"><strong>TITULAR<\/strong><\/th><th class=\"column-4\"><strong>URL<\/strong><\/th>\n<\/tr>\n<\/thead>\n<tbody class=\"row-striping row-hover\">\n<tr class=\"row-2\">\n\t<td class=\"column-1\">24\/10\/2024<\/td><td class=\"column-2\">El Nostre Ciutat<\/td><td class=\"column-3\">Doble podio de M\u00f3nica Mart\u00ednez en la Arnold Classic<\/td><td class=\"column-4\"><a href=\"https:\/\/www.elnostreciutat.com\/es\/doble-podio-de-monica-martinez-en-la-arnold-classic\/\">https:\/\/www.elnostreciutat.com\/es\/doble-podio-de-monica-martinez-en-la-arnold-classic\/<\/a><\/td>\n<\/tr>\n<tr class=\"row-3\">\n\t<td class=\"column-1\">14\/10\/2024<\/td><td class=\"column-2\">AS<\/td><td class=\"column-3\">La trilog\u00eda del bestial Mika Sihvonen en el Arnold Classic<\/td><td class=\"column-4\"><a href=\"https:\/\/as.com\/masdeporte\/polideportivo\/la-trilogia-del-bestial-mika-sihvonen-en-el-arnold-classic-n\/\">https:\/\/as.com\/masdeporte\/polideportivo\/la-trilogia-del-bestial-mika-sihvonen-en-el-arnold-classic-n\/<\/a><\/td>\n<\/tr>\n<tr class=\"row-4\">\n\t<td class=\"column-1\">13\/10\/2024<\/td><td class=\"column-2\">ANTENA 3 <\/td><td class=\"column-3\">Arnold Classic Europe 2024<\/td><td class=\"column-4\"><a href=\"https:\/\/arnoldsportsfestivaleurope.com\/uploads\/media\/2024\/ace24-antena3.mp4\">https:\/\/arnoldsportsfestivaleurope.com\/uploads\/media\/2024\/ace24-antena3.mp4<\/a><\/td>\n<\/tr>\n<tr class=\"row-5\">\n\t<td class=\"column-1\">13\/10\/2024<\/td><td class=\"column-2\">MARCA<\/td><td class=\"column-3\">Mika Sihvonen gana su tercer mundial de fisioculturismo en el Arnold Classic Europe<\/td><td class=\"column-4\"><a href=\"https:\/\/www.marca.com\/otros-deportes\/2024\/10\/13\/mika-sihvonen-gana-tercer-mundial-fisioculturismo-arnold-classic-europe.html\">https:\/\/www.marca.com\/otros-deportes\/2024\/10\/13\/mika-sihvonen-gana-tercer-mundial-fisioculturismo-arnold-classic-europe.html<\/a><\/td>\n<\/tr>\n<tr class=\"row-6\">\n\t<td class=\"column-1\">13\/10\/2024<\/td><td class=\"column-2\">LAS ROZAS THE STYLE OULETS<\/td><td class=\"column-3\">Llega el ARNOLD CLASSIC EUROPE a Las Rozas<\/td><td class=\"column-4\"><a href=\"https:\/\/las-rozas.thestyleoutlets.es\/es\/novedades\/eventos\/arnold-classic-rozas\">https:\/\/las-rozas.thestyleoutlets.es\/es\/novedades\/eventos\/arnold-classic-rozas<\/a><\/td>\n<\/tr>\n<tr class=\"row-7\">\n\t<td class=\"column-1\">12\/10\/2024<\/td><td class=\"column-2\">TELEMADRID<\/td><td class=\"column-3\">Campeonato Mundial de Culturismo \"Arnold\"<\/td><td class=\"column-4\"><a href=\"https:\/\/arnoldsportsfestivaleurope.com\/uploads\/media\/2024\/ace24-telemadrid.mp4\">https:\/\/arnoldsportsfestivaleurope.com\/uploads\/media\/2024\/ace24-telemadrid.mp4<\/a><\/td>\n<\/tr>\n<tr class=\"row-8\">\n\t<td class=\"column-1\">12\/10\/2024<\/td><td class=\"column-2\">MUCHO DEPORTE<\/td><td class=\"column-3\">La mujer, protagonista en la jornada Arnold Classic Europe de Las Rozas<\/td><td class=\"column-4\"><a href=\"https:\/\/www.muchodeporte.com\/polideportivo\/80799\/la-mujer-protagonista-en-la-jornada-del-arnold-classic-europe-de-las-rozas\">https:\/\/www.muchodeporte.com\/polideportivo\/80799\/la-mujer-protagonista-en-la-jornada-del-arnold-classic-europe-de-las-rozas<\/a><\/td>\n<\/tr>\n<tr class=\"row-9\">\n\t<td class=\"column-1\">12\/10\/2024<\/td><td class=\"column-2\">EUROPA PRESS<\/td><td class=\"column-3\">FitFlamc presenta el sonakete, un nuevo instrumento de percusi\u00f3n, en el Festival Arnold Sports de Las Rozas (Madrid)<\/td><td class=\"column-4\"><a href=\"https:\/\/www.europapress.es\/andalucia\/noticia-fitflamc-presenta-sonakete-nuevo-instrumento-percusion-festival-arnold-sports-rozas-20241012104015.html\">https:\/\/www.europapress.es\/andalucia\/noticia-fitflamc-presenta-sonakete-nuevo-instrumento-percusion-festival-arnold-sports-rozas-20241012104015.html<\/a><\/td>\n<\/tr>\n<tr class=\"row-10\">\n\t<td class=\"column-1\">12\/10\/2024<\/td><td class=\"column-2\">AS<\/td><td class=\"column-3\">https:\/\/aquienlasierra.es\/las-rozas\/las-rozas-acoge-este-fin-de-semana-el-evento-internacional-arnold-sports-festival-europe<\/td><td class=\"column-4\"><a href=\"https:\/\/as.com\/masdeporte\/fotorrelato\/el-evento-de-culturismo-arnold-classic-europe-en-las-rozas-f\/\">https:\/\/as.com\/masdeporte\/fotorrelato\/el-evento-de-culturismo-arnold-classic-europe-en-las-rozas-f\/<\/a><\/td>\n<\/tr>\n<tr class=\"row-11\">\n\t<td class=\"column-1\">11\/10\/2024<\/td><td class=\"column-2\">EL DESMARQUE<\/td><td class=\"column-3\">El Arnold Sports Festival Europe: salud y deporte con militantes de guerra y culturistas<\/td><td class=\"column-4\"><a href=\"https:\/\/www.eldesmarque.com\/cuidado-bienestar\/20241011\/arnold-classic-europe-culturismo-salud-bienestar-deporte_300470097.html\">https:\/\/www.eldesmarque.com\/cuidado-bienestar\/20241011\/arnold-classic-europe-culturismo-salud-bienestar-deporte_300470097.html<\/a><\/td>\n<\/tr>\n<tr class=\"row-12\">\n\t<td class=\"column-1\">11\/10\/2024<\/td><td class=\"column-2\">LA VANGUARDIA<\/td><td class=\"column-3\">Las Rozas acoge este fin de semana el evento internacional Arnold Sports Festival Europe<\/td><td class=\"column-4\"><a href=\"https:\/\/www.lavanguardia.com\/autonomias\/20241011\/10013453\/rozas-acoge-semana-evento-internacional-arnold-sports-festival-europe-agenciaslv20241011.html\">https:\/\/www.lavanguardia.com\/autonomias\/20241011\/10013453\/rozas-acoge-semana-evento-internacional-arnold-sports-festival-europe-agenciaslv20241011.html<\/a><\/td>\n<\/tr>\n<tr class=\"row-13\">\n\t<td class=\"column-1\">11\/10\/2024<\/td><td class=\"column-2\">LA RAZON<\/td><td class=\"column-3\">Las Rozas acoge este s\u00e1bado el campeonato del mundo de culturismo<\/td><td class=\"column-4\"><a href=\"https:\/\/www.larazon.es\/madrid\/rozas-acoge-este-sabado-campeonato-mundo-culturismo_202410116708ce07596dfb000129f69c.html\">https:\/\/www.larazon.es\/madrid\/rozas-acoge-este-sabado-campeonato-mundo-culturismo_202410116708ce07596dfb000129f69c.html<\/a><\/td>\n<\/tr>\n<tr class=\"row-14\">\n\t<td class=\"column-1\">10\/10\/2024<br \/>\n<\/td><td class=\"column-2\">LAS ROZAS ES NOTICIA<\/td><td class=\"column-3\">El Centro Multiusos de Las Rozas acoge el Arnold Sports Festival Europe 2024<\/td><td class=\"column-4\"><a href=\"https:\/\/lasrozasesnoticia.es\/arnold-sports-festival-europe-2024\/\">https:\/\/lasrozasesnoticia.es\/arnold-sports-festival-europe-2024\/<\/a><\/td>\n<\/tr>\n<tr class=\"row-15\">\n\t<td class=\"column-1\">10\/10\/2024<\/td><td class=\"column-2\">LAS ROZAS<\/td><td class=\"column-3\">Las Rozas acoge este fin de semana el evento internacional Arnold Sports Festival Europe<\/td><td class=\"column-4\"><a href=\"https:\/\/www.lasrozas.es\/node\/10929\">https:\/\/www.lasrozas.es\/node\/10929<\/a><\/td>\n<\/tr>\n<tr class=\"row-16\">\n\t<td class=\"column-1\">10\/10\/2024<\/td><td class=\"column-2\">Aqu\u00ed en la Sierra<\/td><td class=\"column-3\">Las Rozas acoge este fin de semana el evento internacional Arnold Sports Festival Europe<\/td><td class=\"column-4\"><a href=\"https:\/\/aquienlasierra.es\/las-rozas\/las-rozas-acoge-este-fin-de-semana-el-evento-internacional-arnold-sports-festival-europe\">https:\/\/aquienlasierra.es\/las-rozas\/las-rozas-acoge-este-fin-de-semana-el-evento-internacional-arnold-sports-festival-europe<\/a><\/td>\n<\/tr>\n<tr class=\"row-17\">\n\t<td class=\"column-1\">10\/10\/2024<\/td><td class=\"column-2\">MAS VIVE<\/td><td class=\"column-3\">Las Rozas alberga este fin de semana el Arnold Sports Festival Europe, evento internacional de deporte y fitness<\/td><td class=\"column-4\"><a href=\"https:\/\/www.masvive.com\/noticia\/20552\/las-rozas\/las-rozas-alberga-este-fin-de-semana-el-arnold-sports-festival-europe-evento-internacional-de-deporte-y-fitness.html\">https:\/\/www.masvive.com\/noticia\/20552\/las-rozas\/las-rozas-alberga-este-fin-de-semana-el-arnold-sports-festival-europe-evento-internacional-de-deporte-y-fitness.html<\/a><\/td>\n<\/tr>\n<tr class=\"row-18\">\n\t<td class=\"column-1\">9\/10\/2024<br \/>\n<\/td><td class=\"column-2\"><\/td><td class=\"column-3\">LA MUJER, PROTAGONISTA MA\u00d1ANA EN EL ARNOLD CLASSIC EUROPE DE LAS<br \/>\nROZAS<br \/>\n<\/td><td class=\"column-4\"><a href=\"https:\/\/arnoldsportsfestivaleurope.com\/uploads\/media\/2024\/2024-10-9-nota-prensa-ace24-mujer.pdf\">https:\/\/arnoldsportsfestivaleurope.com\/uploads\/media\/2024\/2024-10-9-nota-prensa-ace24-mujer.pdf<\/a><\/td>\n<\/tr>\n<tr class=\"row-19\">\n\t<td class=\"column-1\">9\/10\/2024<br \/>\n<\/td><td class=\"column-2\"><\/td><td class=\"column-3\">LA PRUEBA DE STRONGMEN INAUGURA MA\u00d1ANA EL ARNOLD CLASSIC EUROPA<\/td><td class=\"column-4\"><a href=\"https:\/\/arnoldsportsfestivaleurope.com\/uploads\/media\/2024\/2024-10-9-nota-prensa-ace24-strongmen.pdf\">https:\/\/arnoldsportsfestivaleurope.com\/uploads\/media\/2024\/2024-10-9-nota-prensa-ace24-strongmen.pdf<\/a><\/td>\n<\/tr>\n<tr class=\"row-20\">\n\t<td class=\"column-1\">9\/10\/2024<\/td><td class=\"column-2\"><\/td><td class=\"column-3\">CUENTA ATR\u00c1S PARA EL INICIO DEL ARNOLD CLASSIC EUROPA<\/td><td class=\"column-4\"><a href=\"https:\/\/arnoldsportsfestivaleurope.com\/uploads\/media\/2024\/2024-10-9-nota-prensa-ace24-cuenta-atras.pdf\">https:\/\/arnoldsportsfestivaleurope.com\/uploads\/media\/2024\/2024-10-9-nota-prensa-ace24-cuenta-atras.pdf<\/a><\/td>\n<\/tr>\n<tr class=\"row-21\">\n\t<td class=\"column-1\">9\/10\/2024<\/td><td class=\"column-2\"><\/td><td class=\"column-3\">MIKA SIHVONEN SUMA SU TERCER T\u00cdTULO MUNDIAL DE FISICOCULTURISMO EN<br \/>\nEL ARNOLD CLASSIC<br \/>\n<\/td><td class=\"column-4\"><a href=\"https:\/\/arnoldsportsfestivaleurope.com\/uploads\/media\/2024\/2024-10-9-nota-prensa-ace24-mika.pdf\">https:\/\/arnoldsportsfestivaleurope.com\/uploads\/media\/2024-10-9-nota-prensa-ace24-mika.pdf<\/a><\/td>\n<\/tr>\n<tr class=\"row-22\">\n\t<td class=\"column-1\">3\/10\/2024<\/td><td class=\"column-2\"><\/td><td class=\"column-3\">EL ARNOLD CLASSIC EUROPE 2024 LLEGA FIEL A SU CITA CON EL FITNESS Y EL BIENESTAR<\/td><td class=\"column-4\"><a href=\"https:\/\/arnoldsportsfestivaleurope.com\/uploads\/media\/2024\/2024-10-3-nota-prensa-ace24.pdf\">https:\/\/arnoldsportsfestivaleurope.com\/uploads\/media\/2024\/2024-10-3-nota-prensa-ace24.pdf<\/a><\/td>\n<\/tr>\n<\/tbody>\n<\/table>\n<!-- #tablepress-prensa-2024 from cache -->\n<\/div><div class=\"nav fusion-mobile-tab-nav\"><ul class=\"nav-tabs nav-justified\" role=\"tablist\"><li role=\"presentation\"><a class=\"tab-link\" data-toggle=\"tab\" role=\"tab\" aria-controls=\"tab-6dfafd80a0476331725\" aria-selected=\"false\" tabindex=\"-1\" id=\"mobile-fusion-tab-2023\" href=\"#tab-6dfafd80a0476331725\"><h4 class=\"fusion-tab-heading\">2023<\/h4><\/a><\/li><\/ul><\/div><div class=\"tab-pane fade fusion-clearfix\" role=\"tabpanel\" tabindex=\"0\" aria-labelledby=\"fusion-tab-2023\" id=\"tab-6dfafd80a0476331725\">\n\n<table id=\"tablepress-dossier-prensa-2023\" class=\"tablepress tablepress-id-dossier-prensa-2023\">\n<thead>\n<tr class=\"row-1\">\n\t<th class=\"column-1\"><strong>FECHA<\/strong><\/th><th class=\"column-2\"><strong>MEDIO<\/strong><\/th><th class=\"column-3\"><strong>TITULAR<\/strong><\/th><th class=\"column-4\"><strong>URL<\/strong><\/th>\n<\/tr>\n<\/thead>\n<tbody class=\"row-striping row-hover\">\n<tr class=\"row-2\">\n\t<td class=\"column-1\">10\/10\/2023<\/td><td class=\"column-2\">EP-DEPORTES<\/td><td class=\"column-3\">Madrid albergar\u00e1 este fin de semana la decimotercera edici\u00f3n del Arnold Classic Europe<\/td><td class=\"column-4\"><a href=\"https:\/\/www.europapress.es\/deportes\/noticia-madrid-albergara-fin-semana-decimotercera-edicion-arnold-classic-europe-20231010105228.html\">https:\/\/www.europapress.es\/deportes\/noticia-madrid-albergara-fin- semana-decimotercera-edicion-arnold-classic-europe-<br \/>\n20231010105228.html<\/a><\/td>\n<\/tr>\n<tr class=\"row-3\">\n\t<td class=\"column-1\">10\/11\/2023<\/td><td class=\"column-2\">AS-WEB<\/td><td class=\"column-3\">El esp\u00edritu de Schwarzenegger aterriza en la Caja M\u00e1gica<\/td><td class=\"column-4\"><a href=\"https:\/\/as.com\/masdeporte\/polideportivo\/el-espiritu-de-schwarzenegger-aterriza-en-la-caja-magica-n\/\">https:\/\/as.com\/masdeporte\/polideportivo\/el-espiritu-de-<br \/>\nschwarzenegger-aterriza-en-la-caja-magica-n\/<\/a><\/td>\n<\/tr>\n<tr class=\"row-4\">\n\t<td class=\"column-1\">10\/12\/2023<\/td><td class=\"column-2\">EP-SOCIAL<\/td><td class=\"column-3\">Ucrania fuerte': el grito de atletas ucranianos con discapacidad por la guerra para reivindicar el deporte adaptado<\/td><td class=\"column-4\"><a href=\"https:\/\/www.europapress.es\/epsocial\/cooperacion-desarrollo\/noticia-ucrania-fuerte-grito-atletas-ucranianos-discapacidad-guerra-reivindicar-deporte-adaptado-20231012110257.html\">https:\/\/www.europapress.es\/epsocial\/cooperacion- desarrollo\/noticia-ucrania-fuerte-grito-atletas-ucranianos- discapacidad-guerra-reivindicar-deporte-adaptado-<br \/>\n20231012110257.html<\/a><\/td>\n<\/tr>\n<tr class=\"row-5\">\n\t<td class=\"column-1\">10\/12\/2023<\/td><td class=\"column-2\">TELEPRENSA ALMER\u00cdA<\/td><td class=\"column-3\">Atletas ucranianos con discapacidad por la guerra aspiran a batir el r\u00e9cord mundial de fuerza en Madrid<\/td><td class=\"column-4\"><a href=\"https:\/\/www.teleprensa.com\/articulo\/nacional-3\/atletas-ucranianos-discapacidad-guerra-aspiran-batir-record-mundial-fuerza-madrid\/202310121112441593151.html\">https:\/\/www.teleprensa.com\/articulo\/nacional-3\/atletas-ucranianos- discapacidad-guerra-aspiran-batir-record-mundial-fuerza-<br \/>\nmadrid\/202310121112441593151.html<\/a><\/td>\n<\/tr>\n<tr class=\"row-6\">\n\t<td class=\"column-1\">10\/13\/2023<\/td><td class=\"column-2\">ABC-WEB<\/td><td class=\"column-3\">Madrid acoge el 'Arnold Classic Europe', la meca del fitness mundial<\/td><td class=\"column-4\"><a href=\"https:\/\/www.abc.es\/deportes\/madrid-acoge-arnold-classic-europe-meca-fitness-20231013170011-nt.html\">https:\/\/www.abc.es\/deportes\/madrid-acoge-arnold-classic-europe-<br \/>\nmeca-fitness-20231013170011-nt.html<\/a><\/td>\n<\/tr>\n<tr class=\"row-7\">\n\t<td class=\"column-1\">10\/13\/2023<\/td><td class=\"column-2\">AS<\/td><td class=\"column-3\">Madrid elige campeones del mundo<\/td><td class=\"column-4\"><a href=\"https:\/\/as.com\/masdeporte\/polideportivo\/madrid-elige-campeones-del-mundo-n\/\">https:\/\/as.com\/masdeporte\/polideportivo\/madrid-elige-campeones-<br \/>\ndel-mundo-n\/<\/a><\/td>\n<\/tr>\n<tr class=\"row-8\">\n\t<td class=\"column-1\">10\/13\/2023<\/td><td class=\"column-2\">MARCA<\/td><td class=\"column-3\">El Arnold Classic Europe elige Madrid para un fin de semana de fitness \u00fanico<\/td><td class=\"column-4\"><a href=\"https:\/\/www.marca.com\/otros-deportes\/2023\/10\/12\/6526b581ca47411e4f8b45d2.html\">https:\/\/www.marca.com\/otros-<br \/>\ndeportes\/2023\/10\/12\/6526b581ca47411e4f8b45d2.html<\/a><\/td>\n<\/tr>\n<tr class=\"row-9\">\n\t<td class=\"column-1\">10\/13\/2023<\/td><td class=\"column-2\">EFE<\/td><td class=\"column-3\">Madrid recibe el Arnold Classic Europe 2023<\/td><td class=\"column-4\"><a href=\"https:\/\/efesportbusiness.com\/noticias\/arnold-classic-europe-2023\/\">https:\/\/efesportbusiness.com\/noticias\/arnold-classic-europe-2023\/<\/a><\/td>\n<\/tr>\n<tr class=\"row-10\">\n\t<td class=\"column-1\">10\/13\/2023<\/td><td class=\"column-2\">EL DESMARQUE<\/td><td class=\"column-3\">Vuelve el Arnold Classic 2023 a Madrid: del 13 al 15 de octubre en la Caja M\u00e1gica<\/td><td class=\"column-4\"><a href=\"https:\/\/www.eldesmarque.com\/otros-deportes\/20231013\/vuelve-el-arnold-classic-2023-a-madrid-del-13-al-15-de-octubre-en-la-caja-magica_300122687.html\">https:\/\/www.eldesmarque.com\/otros-deportes\/20231013\/vuelve-el- arnold-classic-2023-a-madrid-del-13-al-15-de-octubre-en-la-caja-<br \/>\nmagica_300122687.html<\/a><\/td>\n<\/tr>\n<tr class=\"row-11\">\n\t<td class=\"column-1\">10\/13\/2023<\/td><td class=\"column-2\">RADIO MARCA<\/td><td class=\"column-3\"><\/td><td class=\"column-4\">ENTREVISTA R.SANTONJA<\/td>\n<\/tr>\n<tr class=\"row-12\">\n\t<td class=\"column-1\">10\/15\/2023<\/td><td class=\"column-2\">EP-DEPORTES<\/td><td class=\"column-3\">Madrid corona a los campeones de culturismo y fitness del Arnold Classic Europe<\/td><td class=\"column-4\"><a href=\"https:\/\/www.europapress.es\/deportes\/noticia-madrid-corona-campeones-culturismo-fitness-arnold-classic-europe-20231015121151.html\">https:\/\/www.europapress.es\/deportes\/noticia-madrid-corona- campeones-culturismo-fitness-arnold-classic-europe-<br \/>\n20231015121151.html<\/a><\/td>\n<\/tr>\n<tr class=\"row-13\">\n\t<td class=\"column-1\">10\/15\/2023<\/td><td class=\"column-2\">MARCA<\/td><td class=\"column-3\">El Arnold Classic Europe designa a los campeones del mundo de culturismo y fitness<\/td><td class=\"column-4\"><a href=\"https:\/\/www.marca.com\/otros-deportes\/2023\/10\/15\/652bf5e3e2704e05bb8b45f5.html\">https:\/\/www.marca.com\/otros-<br \/>\ndeportes\/2023\/10\/15\/652bf5e3e2704e05bb8b45f5.html<\/a><\/td>\n<\/tr>\n<tr class=\"row-14\">\n\t<td class=\"column-1\">10\/15\/2023<\/td><td class=\"column-2\">AS<\/td><td class=\"column-3\">El Arnold Classic Europe designa a los campeones de 2023<\/td><td class=\"column-4\"><a href=\"https:\/\/as.com\/masdeporte\/polideportivo\/el-arnold-classic-europe-designa-a-los-campeones-de-2023-n\/\">https:\/\/as.com\/masdeporte\/polideportivo\/el-arnold-classic-europe-<br \/>\ndesigna-a-los-campeones-de-2023-n\/<\/a><\/td>\n<\/tr>\n<tr class=\"row-15\">\n\t<td class=\"column-1\">10\/15\/2023<\/td><td class=\"column-2\">TELEPRENSA ALMER\u00cdA<\/td><td class=\"column-3\">Madrid corona a los campeones de culturismo y fitness del Arnold Classic Europe<\/td><td class=\"column-4\"><a href=\"https:\/\/www.teleprensa.com\/articulo\/deportes\/madrid-corona-campeones-culturismo-fitness-arnold-classic-europe\/202310151212371595038.html\">https:\/\/www.teleprensa.com\/articulo\/deportes\/madrid-corona- campeones-culturismo-fitness-arnold-classic-<br \/>\neurope\/202310151212371595038.html<\/a><\/td>\n<\/tr>\n<tr class=\"row-16\">\n\t<td class=\"column-1\">10\/15\/2023<\/td><td class=\"column-2\">MADRIDPRESS<\/td><td class=\"column-3\">Madrid corona a los campeones de culturismo y fitness<\/td><td class=\"column-4\"><a href=\"https:\/\/madridpress.com\/art\/327954\/madrid-corona-a-los-campeones-de-culturismo-y-fitness\">https:\/\/madridpress.com\/art\/327954\/madrid-corona-a-los-<br \/>\ncampeones-de-culturismo-y-fitness<\/a><\/td>\n<\/tr>\n<tr class=\"row-17\">\n\t<td class=\"column-1\">10\/15\/2023<\/td><td class=\"column-2\">SIGLO XXI<\/td><td class=\"column-3\">Madrid corona a los campeones de culturismo y fitness del Arnold Classic Europe<\/td><td class=\"column-4\"><a href=\"https:\/\/www.diariosigloxxi.com\/texto-ep\/mostrar\/20231015121151\/madrid-corona-campeones-culturismo-fitness-arnold-classic-europe\">https:\/\/www.diariosigloxxi.com\/texto- ep\/mostrar\/20231015121151\/madrid-corona-campeones-culturismo-<br \/>\nfitness-arnold-classic-europe<\/a><\/td>\n<\/tr>\n<tr class=\"row-18\">\n\t<td class=\"column-1\">10\/15\/2023<\/td><td class=\"column-2\">CANAL 21<\/td><td class=\"column-3\">Joan Ferrer guanya la competici\u00f3 d\u2019arrossegaments d\u2019strongman de l\u2019Arnold Classic Europe<\/td><td class=\"column-4\"><a href=\"https:\/\/www.canal21ebre.com\/2023\/10\/15\/joan-ferrer-guanya-la-competicio-darrossegaments-dstrongman-de-larnold-classic-europe\/\">https:\/\/www.canal21ebre.com\/2023\/10\/15\/joan-ferrer-guanya-la-<br \/>\ncompeticio-darrossegaments-dstrongman-de-larnold-classic-europe\/<\/a><\/td>\n<\/tr>\n<tr class=\"row-19\">\n\t<td class=\"column-1\">10\/15\/2023<\/td><td class=\"column-2\">MARCA<\/td><td class=\"column-3\">El Arnold Classic Europe designa a los campeones del mundo de culturismo y fitness<\/td><td class=\"column-4\"><a href=\"https:\/\/www.marca.com\/otros-deportes\/2023\/10\/15\/652bf5e3e2704e05bb8b45f5.html\">https:\/\/www.marca.com\/otros-<br \/>\ndeportes\/2023\/10\/15\/652bf5e3e2704e05bb8b45f5.html<\/a><\/td>\n<\/tr>\n<tr class=\"row-20\">\n\t<td class=\"column-1\">10\/16\/2023<\/td><td class=\"column-2\">EL PAIS - MADRID<\/td><td class=\"column-3\">Soldados ucranios mutilados en la guerra baten en Madrid el r\u00e9cord mundial de fuerza<\/td><td class=\"column-4\"><a href=\"https:\/\/elpais.com\/espana\/madrid\/2023-10-16\/soldados-ucranios-mutilados-en-la-guerra-baten-en-madrid-el-record-mundial-de-fuerza.html\">https:\/\/elpais.com\/espana\/madrid\/2023-10-16\/soldados-ucranios- mutilados-en-la-guerra-baten-en-madrid-el-record-mundial-de-<br \/>\nfuerza.html<\/a><\/td>\n<\/tr>\n<tr class=\"row-21\">\n\t<td class=\"column-1\">10\/16\/2023<\/td><td class=\"column-2\">YOUTUBE (CHIRINGUITO<br \/>\nINSIDE)<\/td><td class=\"column-3\"><\/td><td class=\"column-4\"><a href=\"https:\/\/youtu.be\/-whj60Q9_28?si=nF9-ZAUFZ9n6MxUv\">https:\/\/youtu.be\/-whj60Q9_28?si=nF9-ZAUFZ9n6MxUv<\/a><\/td>\n<\/tr>\n<tr class=\"row-22\">\n\t<td class=\"column-1\">10\/17\/2023<\/td><td class=\"column-2\">X (EL CHIRINGUITO TV)<\/td><td class=\"column-3\"><\/td><td class=\"column-4\"><a href=\"https:\/\/x.com\/elchiringuitotv\/status\/1714078940766044598?t=Y0z0RCl1BUNhyJDJUtMe2w&#038;s=08\">https:\/\/x.com\/elchiringuitotv\/status\/1714078940766044598?t=Y0z0<br \/>\nRCl1BUNhyJDJUtMe2w&amp;s=08<\/a><\/td>\n<\/tr>\n<tr class=\"row-23\">\n\t<td class=\"column-1\">10\/17\/2023<\/td><td class=\"column-2\">FACEBOOK (Embajada de Ucania en Espa\u00f1a)<\/td><td class=\"column-3\">Facebook de la Embajada de Ucania en Espa\u00f1a<\/td><td class=\"column-4\"><a href=\"https:\/\/m.facebook.com\/story.php?story_fbid=pfbid02nbKpGLa5jXX6M7kHfw5eZM5Tj18tSqEAXXT3gLpdhcEj9nRDSBxQf1TRCkvbUECCl&#038;id=100071295999524\">https:\/\/m.facebook.com\/story.php?story_fbid=pfbid02nbKpGLa5jXX 6M7kHfw5eZM5Tj18tSqEAXXT3gLpdhcEj9nRDSBxQf1TRCkvbUECCl&amp;i<br \/>\nd=100071295999524<\/a><\/td>\n<\/tr>\n<tr class=\"row-24\">\n\t<td class=\"column-1\">10\/18\/2023<\/td><td class=\"column-2\">EP-SOCIAL<\/td><td class=\"column-3\">Atletas ucranianos con discapacidad para los que no hay barreras: Baten el r\u00e9cord mundial de peso en Madrid<\/td><td class=\"column-4\"><a href=\"https:\/\/www.europapress.es\/epsocial\/cooperacion-desarrollo\/noticia-atletas-ucranianos-discapacidad-no-hay-barreras-baten-record-mundial-peso-madrid-20231018105707.html\">https:\/\/www.europapress.es\/epsocial\/cooperacion- desarrollo\/noticia-atletas-ucranianos-discapacidad-no-hay-barreras-<br \/>\nbaten-record-mundial-peso-madrid-20231018105707.html<\/a><\/td>\n<\/tr>\n<tr class=\"row-25\">\n\t<td class=\"column-1\">10\/18\/2023<\/td><td class=\"column-2\">COPE SOCIEDAD<\/td><td class=\"column-3\">Atletas mutilados de guerra en Ucrania piden que su discapacidad no sea una barrera para competir<\/td><td class=\"column-4\"><a href=\"https:\/\/www.cope.es\/actualidad\/sociedad\/noticias\/atletas-mutilados-guerra-ucrania-piden-que-discapacidad-sea-una-barrera-para-competir-20231018_2953798\">https:\/\/www.cope.es\/actualidad\/sociedad\/noticias\/atletas-mutilados- guerra-ucrania-piden-que-discapacidad-sea-una-barrera-para-<br \/>\ncompetir-20231018_2953798<\/a><\/td>\n<\/tr>\n<tr class=\"row-26\">\n\t<td class=\"column-1\">10\/18\/2023<\/td><td class=\"column-2\">TELEPRENSA ALMER\u00cdA<\/td><td class=\"column-3\">Atletas mutilados de guerra en Ucrania piden que su discapacidad no sea una barrera para competir <\/td><td class=\"column-4\"><a href=\"https:\/\/www.teleprensa.com\/articulo\/nacional-3\/atletas-mutilados-%20guerra-ucrania-piden-que-discapacidad-sea-barrera-competir\/202310180902491597897.html\">https:\/\/www.teleprensa.com\/articulo\/nacional-3\/atletas-mutilados- guerra-ucrania-piden-que-discapacidad-sea-barrera-<br \/>\ncompetir\/202310180902491597897.html<\/a><\/td>\n<\/tr>\n<tr class=\"row-27\">\n\t<td class=\"column-1\">10\/19\/2023<\/td><td class=\"column-2\">EL PERI\u00d3DICO DE<br \/>\nESPA\u00d1A<\/td><td class=\"column-3\">Ocho mutilados de la guerra de Ucrania baten el r\u00e9cord mundial de fuerza: \"Es nuestra mejor medicina\"<\/td><td class=\"column-4\"><a href=\"https:\/\/www.epe.es\/es\/deportes\/20231019\/ocho-mutilados-guerra-ucrania-baten-record-mundial-fuerza-93363523\">https:\/\/www.epe.es\/es\/deportes\/20231019\/ocho-mutilados-guerra-<br \/>\nucrania-baten-record-mundial-fuerza-93363523<\/a><\/td>\n<\/tr>\n<tr class=\"row-28\">\n\t<td class=\"column-1\">10\/19\/2023<\/td><td class=\"column-2\">EL PERI\u00d3DICO MEDITERR\u00c1NEO<\/td><td class=\"column-3\">Ocho mutilados de la guerra de Ucrania baten el r\u00e9cord mundial de fuerza<\/td><td class=\"column-4\"><a href=\"https:\/\/www.elperiodicomediterraneo.com\/videos\/deportes\/2023\/10\/19\/ocho-mutilados-guerra-ucrania-record-93522234.html\">https:\/\/www.elperiodicomediterraneo.com\/videos\/deportes\/2023\/1<br \/>\n0\/19\/ocho-mutilados-guerra-ucrania-record-93522234.html<\/a><\/td>\n<\/tr>\n<tr class=\"row-29\">\n\t<td class=\"column-1\">10\/19\/2023<\/td><td class=\"column-2\">DIARIO DE MALLORCA<\/td><td class=\"column-3\">Ocho mutilados de la guerra de Ucrania baten el r\u00e9cord mundial de fuerza<\/td><td class=\"column-4\"><a href=\"https:\/\/www.diariodemallorca.es\/videos\/deportes\/2023\/10\/19\/ocho-mutilados-guerra-ucrania-record-93522228.html\">https:\/\/www.diariodemallorca.es\/videos\/deportes\/2023\/10\/19\/ocho-<br \/>\nmutilados-guerra-ucrania-record-93522228.html<\/a><\/td>\n<\/tr>\n<tr class=\"row-30\">\n\t<td class=\"column-1\">10\/19\/2023<\/td><td class=\"column-2\">DIARIO C\u00d3RDOBA<\/td><td class=\"column-3\">Ocho mutilados de la guerra de Ucrania baten el r\u00e9cord mundial de fuerza<\/td><td class=\"column-4\"><a href=\"https:\/\/www.diariocordoba.com\/videos\/deportes\/2023\/10\/19\/ocho-mutilados-guerra-ucrania-record-93522226.html\">https:\/\/www.diariocordoba.com\/videos\/deportes\/2023\/10\/19\/ocho-<br \/>\nmutilados-guerra-ucrania-record-93522226.html<\/a><\/td>\n<\/tr>\n<tr class=\"row-31\">\n\t<td class=\"column-1\">10\/19\/2023<\/td><td class=\"column-2\">FARO DE VIGO<\/td><td class=\"column-3\">Ocho mutilados de la guerra de Ucrania baten el r\u00e9cord mundial de fuerza<\/td><td class=\"column-4\"><a href=\"https:\/\/www.farodevigo.es\/videos\/deportes\/2023\/10\/19\/ocho-mutilados-guerra-ucrania-record-93522227.html\">https:\/\/www.farodevigo.es\/videos\/deportes\/2023\/10\/19\/ocho-<br \/>\nmutilados-guerra-ucrania-record-93522227.html<\/a><\/td>\n<\/tr>\n<tr class=\"row-32\">\n\t<td class=\"column-1\">10\/19\/2023<\/td><td class=\"column-2\">EL PERI\u00d3DICO<\/td><td class=\"column-3\">Ocho mutilados de la guerra de Ucrania baten el r\u00e9cord mundial de fuerza<\/td><td class=\"column-4\"><a href=\"https:\/\/www.elperiodico.com\/es\/videos\/deportes\/ocho-mutilados-guerra-ucrania-record\/93522238.shtml\">https:\/\/www.elperiodico.com\/es\/videos\/deportes\/ocho-mutilados-<br \/>\nguerra-ucrania-record\/93522238.shtml<\/a><\/td>\n<\/tr>\n<tr class=\"row-33\">\n\t<td class=\"column-1\">10\/20\/2023<\/td><td class=\"column-2\">A3 NOTICIAS<\/td><td class=\"column-3\">Arnold Classic Europe: Madrid, la cuna del culturismo y el fitness<\/td><td class=\"column-4\"><a href=\"https:\/\/www.antena3.com\/noticias\/deportes\/arnold-classic-europe-madrid-cuna-culturismo-fitness_2023102065323e7ca1cbe0000172a7ad.html\">https:\/\/www.antena3.com\/noticias\/deportes\/arnold-classic-europe- madrid-cuna-culturismo-<br \/>\nfitness_2023102065323e7ca1cbe0000172a7ad.html<\/a><\/td>\n<\/tr>\n<tr class=\"row-34\">\n\t<td class=\"column-1\">10\/20\/2023<\/td><td class=\"column-2\">EL CORREO GALLEGO<\/td><td class=\"column-3\">Ocho mutilados de la guerra de Ucrania baten el r\u00e9cord mundial de fuerza: \"Es nuestra mejor medicina\"<\/td><td class=\"column-4\"><a href=\"https:\/\/www.elcorreogallego.es\/deportes\/2023\/10\/20\/ocho-mutilados-guerra-ucrania-baten-93563230.html\">https:\/\/www.elcorreogallego.es\/deportes\/2023\/10\/20\/ocho-<br \/>\nmutilados-guerra-ucrania-baten-93563230.html<\/a><\/td>\n<\/tr>\n<\/tbody>\n<\/table>\n<!-- #tablepress-dossier-prensa-2023 from cache -->\n<\/div><div class=\"nav fusion-mobile-tab-nav\"><ul class=\"nav-tabs nav-justified\" role=\"tablist\"><li role=\"presentation\"><a class=\"tab-link\" data-toggle=\"tab\" role=\"tab\" aria-controls=\"tab-1f12bb2ea6f4bd2d6ce\" aria-selected=\"false\" tabindex=\"-1\" id=\"mobile-fusion-tab-2022\" href=\"#tab-1f12bb2ea6f4bd2d6ce\"><h4 class=\"fusion-tab-heading\">2022<\/h4><\/a><\/li><\/ul><\/div><div class=\"tab-pane fade fusion-clearfix\" role=\"tabpanel\" tabindex=\"0\" aria-labelledby=\"fusion-tab-2022\" id=\"tab-1f12bb2ea6f4bd2d6ce\">\n<blockquote>\n<p><span style=\"color: #800a0a;\"><strong>23\/09\/2022 IMPARTCIALLOAXACA | Resultado hist\u00f3rico para Ricardo Morales<\/strong><\/span><strong><br \/>\n<\/strong><a href=\"https:\/\/imparcialoaxaca.mx\/super-deportivo\/698157\/resultado-historico-para-ricardo-morales\/\" target=\"_blank\" rel=\"noopener\">https:\/\/imparcialoaxaca.mx\/super-deportivo\/698157\/resultado-historico-para-ricardo-morales\/<\/a><\/p>\n<\/blockquote>\n<blockquote>\n<p><strong><span style=\"color: #800a0a;\">22\/09\/2022 | CEUTA TV &#8211; Jos\u00e9 Marcelo a las puertas del podio<\/span><br \/>\n<\/strong><a href=\"https:\/\/www.ceutatv.com\/articulo\/deportes\/jose-marcelo-puertas-podio\/20220922100928129080.html\" target=\"_blank\" rel=\"noopener\">https:\/\/www.ceutatv.com\/articulo\/deportes\/jose-marcelo-puertas-podio\/20220922100928129080.html<\/a><\/p>\n<\/blockquote>\n<blockquote>\n<p><span style=\"color: #800a0a;\"><strong>22\/09\/2022 | EL PUEBLO DE CEUTA &#8211; El ceut\u00ed Jos\u00e9 Marcelo Hern\u00e1ndez, a las puertas de la medalla<\/strong><\/span><br \/>\n<a href=\"https:\/\/elpueblodeceuta.es\/art\/74233\/el-ceuti-jose-marcelo-hernandez-a-las-puertas-de-la-medalla\" target=\"_blank\" rel=\"noopener\">https:\/\/elpueblodeceuta.es\/art\/74233\/el-ceuti-jose-marcelo-hernandez-a-las-puertas-de-la-medalla<\/a><\/p>\n<\/blockquote>\n<blockquote>\n<p><span style=\"color: #800a0a;\"><strong>22\/09\/2022 | LA VERDAD DE CEUTA &#8211; Marcelo Hern\u00e1ndez, cuarto clasificado en el &#8220;Arnold Classic IFBB&#8221;<\/strong><\/span><br \/>\n<a href=\"https:\/\/www.laverdaddeceuta.com\/deportes-varios\/noticias\/deportes\/otros-deportes\/marcelo-hernandez-cuarto-clasificado-en-el-arnold-classic-ifbb\" target=\"_blank\" rel=\"noopener\">https:\/\/www.laverdaddeceuta.com\/deportes-varios\/noticias\/deportes\/otros-deportes\/marcelo-hernandez-cuarto-clasificado-en-el-arnold-classic-ifbb<\/a><\/p>\n<\/blockquote>\n<blockquote>\n<p><strong><span style=\"color: #800a0a;\">22\/09\/2022 | CMD SPORT &#8211; Etenon Fitness y Nautilus triunfan en el Arnold Festival Europe<\/span><br \/>\n<\/strong><a href=\"https:\/\/www.cmdsport.com\/esencial\/cmd-fitnessgym\/etenon-fitness-nautilus-triunfan-arnold-festival-europe\/\" target=\"_blank\" rel=\"noopener\">https:\/\/www.cmdsport.com\/esencial\/cmd-fitnessgym\/etenon-fitness-nautilus-triunfan-arnold-festival-europe\/<\/a><\/p>\n<\/blockquote>\n<blockquote>\n<p><span style=\"color: #800a0a;\"><strong>22\/09\/2022 |PENINSULAR DIGITAL &#8211; Arrasa sudcaliforniana en el Arnold Classic<\/strong><\/span><br \/>\n<a href=\"https:\/\/peninsulardigital.com\/2022\/09\/22\/arrasa-sudcaliforniana-en-el-arnold-classic\/\" target=\"_blank\" rel=\"noopener\">https:\/\/peninsulardigital.com\/2022\/09\/22\/arrasa-sudcaliforniana-en-el-arnold-classic\/<\/a><\/p>\n<\/blockquote>\n<blockquote>\n<p><span style=\"color: #800a0a;\"><strong>21\/09\/2022 | EL DESMARUQE &#8211; El culturista que sac\u00f3 la bandera b\u00e9tica en un torneo salt\u00e1ndose las normas: \u201cPrefiero una liga del Betis que ser campe\u00f3n del mundo\u201d <\/strong><\/span><a href=\"https:\/\/www.eldesmarque.com\/sevilla\/real-betis\/1314890-el-culturista-que-saco-la-bandera-betica-en-un-torneo-saltandose-las-normas-prefiero-una-liga-del-betis-que-ser-campeon-del-mundo?ssp\" target=\"_blank\" rel=\"noopener\">https:\/\/www.eldesmarque.com\/sevilla\/real-betis\/1314890-el-culturista-que-saco-la-bandera-betica-en-un-torneo-saltandose-las-normas-prefiero-una-liga-del-betis-que-ser-campeon-del-mundo?ssp<\/a><\/p>\n<\/blockquote>\n<blockquote>\n<p><span style=\"color: #800a0a;\"><strong>21\/09\/2022 | LLORET GACETA &#8211; S\u00e9ptima posici\u00f3n para Rafael Beltr\u00e1n en el festival de culturismo de Arnold Schwarzenegger<\/strong><\/span><br \/>\n<a href=\"https:\/\/lloretgaceta.com\/septima-plaza-para-rafael-beltran-en-el-festival-de-arnold-schwarzenegger\/\" target=\"_blank\" rel=\"noopener\">https:\/\/lloretgaceta.com\/septima-plaza-para-rafael-beltran-en-el-festival-de-arnold-schwarzenegger\/<\/a><\/p>\n<\/blockquote>\n<blockquote>\n<p><span style=\"color: #800a0a;\"><strong>20\/09\/2022 | TOROKHTHTIY &#8211; Arnold Classic Europe 2022: Highlights<\/strong><\/span><br \/>\n<a href=\"https:\/\/torokhtiy.com\/blogs\/warm-body-cold-mind\/arnold-classic-europe-2022-highlights?fbclid=IwAR0pFqwFBa8OiGqKmLGwg23lbnavY9whve83aOYm18bPOZWzS18P2amB29U&amp;fs=e&amp;s=cl\" target=\"_blank\" rel=\"noopener\">https:\/\/torokhtiy.com\/blogs\/warm-body-cold-mind\/arnold-classic-europe-2022-highlights?fbclid=IwAR0pFqwFBa8OiGqKmLGwg23lbnavY9whve83aOYm18bPOZWzS18P2amB29U&amp;fs=e&amp;s=cl<\/a><\/p>\n<\/blockquote>\n<blockquote>\n<p><span style=\"color: #800a0a;\"><strong>20\/09\/2022 | DE BROWN &#8211; &#8220;Es de Calzada, hizo una colecta para viajar y gan\u00f3 el Mundial de Calistenia&#8221;<\/strong><\/span><br \/>\n<a href=\"https:\/\/www.debrown.com.ar\/es-de-rafael-calzada-y-se-consagro-campeona-mundial-de-calistenia\/\" target=\"_blank\" rel=\"noopener\">https:\/\/www.debrown.com.ar\/es-de-rafael-calzada-y-se-consagro-campeona-mundial-de-calistenia\/<\/a><\/p>\n<\/blockquote>\n<blockquote>\n<p><span style=\"color: #800a0a;\"><strong>19\/09\/2022 | EL INDEPENDIENTE &#8211; &#8220;Triunfa Alejandra Rodr\u00edguez en competencia de fisicoculturismo<\/strong><\/span><br \/>\n<a href=\"https:\/\/www.diarioelindependiente.mx\/2022\/09\/triunfa-alejandra-rodriguez-en-competencia-de-fisicoculturismo\" target=\"_blank\" rel=\"noopener\">https:\/\/www.diarioelindependiente.mx\/2022\/09\/triunfa-alejandra-rodriguez-en-competencia-de-fisicoculturismo<\/a><\/p>\n<\/blockquote>\n<blockquote>\n<p><strong><span style=\"color: #800a0a;\">19\/01\/2022 | SEVILLA ATUALIDAD &#8211; El deporte centra la oferta tur\u00edstica de Sevilla en 2022<\/span><br \/>\n<\/strong><a href=\"https:\/\/www.sevillaactualidad.com\/sevilla\/225465-el-deporte-centra-la-oferta-turistica-de-sevilla-en-2022\/\" target=\"_blank\" rel=\"noopener\">https:\/\/www.sevillaactualidad.com\/sevilla\/225465-el-deporte-centra-la-oferta-turistica-de-sevilla-en-2022\/<\/a><\/p>\n<\/blockquote>\n<blockquote>\n<p><span style=\"color: #800a0a;\"><strong>18\/09\/2022 | LA VOZ DE GALICIA &#8211; Sebasti\u00e1n Lago, segundo en el Arnold Classic de Sevilla<\/strong><\/span><br \/>\n<a href=\"https:\/\/www.lavozdegalicia.es\/noticia\/barbanza\/boiro\/2022\/09\/19\/sebastian-lago-segundo-arnold-classic-sevilla\/0003_202209B19C5993.htm\" target=\"_blank\" rel=\"noopener\">https:\/\/www.lavozdegalicia.es\/noticia\/barbanza\/boiro\/2022\/09\/19\/sebastian-lago-segundo-arnold-classic-sevilla\/0003_202209B19C5993.htm<\/a><\/p>\n<\/blockquote>\n<blockquote>\n<p><strong><span style=\"color: #800a0a;\">17\/09\/2022 | EL MUNDO DIGITAL &#8211; Triunfa Alejandra Rodr\u00edguez Salgado el \u201cArnold Classic\u201d en Sevilla y es la primera mexicana en lograrlo<\/span><br \/>\n<\/strong><a href=\"https:\/\/elmundodigital.mx\/triunfa-alejandra-rodriguez-salgado-el-arnold-classic-en-sevilla-y-es-la-primera-mexicana-en-lograrlo\/\" target=\"_blank\" rel=\"noopener\">https:\/\/elmundodigital.mx\/triunfa-alejandra-rodriguez-salgado-el-arnold-classic-en-sevilla-y-es-la-primera-mexicana-en-lograrlo\/<\/a><\/p>\n<\/blockquote>\n<blockquote>\n<p><span style=\"color: #800a0a;\"><strong>17\/09\/2022 | ESPA\u00d1A DIGITAL &#8211; \u00a1Mexicana se llev\u00f3 el \u201cArnold Classic\u201d!<\/strong><\/span><br \/>\n<a href=\"https:\/\/xn--espaadigital-dhb.info\/2022\/09\/17\/mexicana-se-llevo-el-arnold-classic\/\" target=\"_blank\" rel=\"noopener\">https:\/\/xn--espaadigital-dhb.info\/2022\/09\/17\/mexicana-se-llevo-el-arnold-classic\/<\/a><\/p>\n<\/blockquote>\n<blockquote>\n<p><span style=\"color: #800a0a;\"><strong>17\/09\/2022 | EL COLETIVO &#8211; Ingrid Grudke se muestra lista para el Fit Model de la IFBB Argentina<\/strong><\/span><br \/>\n<a href=\"https:\/\/imparcialoaxaca.mx\/super-deportivo\/698157\/resultado-historico-para-ricardo-morales\/\" target=\"_blank\" rel=\"noopener\">https:\/\/www.elcolectivo.com.ar\/espectaculos\/2022\/9\/17\/ingrid-grudke-se-muestra-lista-para-el-fit-model-de-la-ifbb-argentina-35394.html<\/a><\/p>\n<\/blockquote>\n<blockquote>\n<p><span style=\"color: #800a0a;\"><strong>17\/09\/2022 | LA RAZON &#8211; El gran evento de Schwarzenegger llega a Sevilla<\/strong><\/span><br \/>\n<a href=\"https:\/\/www.larazon.es\/andalucia\/sevilla\/20220917\/g65kug7vmjeklh6v67jdqlqssa.html?outputType=amp\" target=\"_blank\" rel=\"noopener\">https:\/\/www.larazon.es\/andalucia\/sevilla\/20220917\/g65kug7vmjeklh6v67jdqlqssa.html?outputType=amp<\/a><\/p>\n<\/blockquote>\n<blockquote>\n<p><strong><span style=\"color: #800a0a;\">17\/09\/2022 | EUROPA PRESS &#8211; El Arnold Sports Festival de culturismo y &#8216;fitness&#8217; acoge en Sevilla a 6.000 deportistas de 80 pa\u00edses<\/span><br \/>\n<\/strong><a href=\"https:\/\/www.europapress.es\/andalucia\/sevilla-00357\/noticia-arnold-sports-festival-culturismo-fitness-acoge-sevilla-6000-deportistas-80-paises-20220917183050.html\" target=\"_blank\" rel=\"noopener\">https:\/\/www.europapress.es\/andalucia\/sevilla-00357\/noticia-arnold-sports-festival-culturismo-fitness-acoge-sevilla-6000-deportistas-80-paises-20220917183050.html<\/a><\/p>\n<\/blockquote>\n<blockquote>\n<p><strong><span style=\"color: #800a0a;\">17\/09\/2022 | SEVILLA.ORG &#8211; El Ayuntamiento colabora en el Arnold Sports Festival Europe de este fin de semana en FIBES, uno de los mayores eventos internacionales de culturismo y fitness del mundo con 6.000 deportistas de 80 pa\u00edses<\/span><br \/>\n<\/strong><a href=\"https:\/\/www.sevilla.org\/actualidad\/noticias\/el-ayuntamiento-colabora-en-el-arnold-sports-festival-europe-de-este-fin-de-semana-en-fibes-uno-de-los-mayores-eventos-internacionales-de-culturismo-y-fitness-del-mundo-con-6-000-deportistas-de-80-paises\" target=\"_blank\" rel=\"noopener\">https:\/\/www.sevilla.org\/actualidad\/noticias\/el-ayuntamiento-colabora-en-el-arnold-sports-festival-europe-de-este-fin-de-semana-en-fibes-uno-de-los-mayores-eventos-internacionales-de-culturismo-y-fitness-del-mundo-con-6-000-deportistas-de-80-paises<\/a><\/p>\n<\/blockquote>\n<blockquote>\n<p><span style=\"color: #800a0a;\"><strong>16\/09\/2022 | El Correo &#8211; Arnold vuelve a Sevilla<\/strong><\/span><br \/>\n<a href=\"https:\/\/elcorreoweb.es\/el-decano-deportivo\/polideportivo\/arnold-vuelve-a-sevilla-AB8074367\" target=\"_blank\" rel=\"noopener\">https:\/\/elcorreoweb.es\/el-decano-deportivo\/polideportivo\/arnold-vuelve-a-sevilla-AB8074367<\/a><\/p>\n<\/blockquote>\n<blockquote>\n<p><strong><span style=\"color: #800a0a;\">15\/09\/2022 | SEVILA.ORG &#8211; Sevilla se consolida como ciudad del deporte con el Arnold Sports Festival Europe de este fin de semana en FIBES<\/span><br \/>\n<\/strong><a href=\"https:\/\/www.sevilla.org\/actualidad\/noticias\/sevilla-se-consolida-como-ciudad-del-deporte-con-el-arnold-sports-festival-europe-de-este-fin-de-semana-en-fibes\" target=\"_blank\" rel=\"noopener\">https:\/\/www.sevilla.org\/actualidad\/noticias\/sevilla-se-consolida-como-ciudad-del-deporte-con-el-arnold-sports-festival-europe-de-este-fin-de-semana-en-fibes<\/a><\/p>\n<\/blockquote>\n<blockquote>\n<p><span style=\"color: #800a0a;\"><strong>15\/09\/2022 | EUROPA PRESS &#8211; El Festival de culturismo y fitness reunir\u00e1 en el Palacio de Exposiciones de Sevilla a 6.000 deportistas de 80 pa\u00edses<\/strong><\/span><br \/>\n<a href=\"https:\/\/www.europapress.es\/andalucia\/sevilla-00357\/noticia-festival-culturismo-fitness-reunira-palacio-exposiciones-sevilla-6000-deportistas-80-paises-20220915163011.html\" target=\"_blank\" rel=\"noopener\">https:\/\/www.europapress.es\/andalucia\/sevilla-00357\/noticia-festival-culturismo-fitness-reunira-palacio-exposiciones-sevilla-6000-deportistas-80-paises-20220915163011.html<\/a><\/p>\n<\/blockquote>\n<blockquote>\n<p><span style=\"color: #800a0a;\"><strong>15\/09\/2022 | ABC SEVILLA &#8211; El Arnold Sports Festival Europe desembarca este fin de semana en Fibes<\/strong><\/span><br \/>\n<a href=\"https:\/\/sevilla.abc.es\/deportes\/arnold-sports-festival-europe-desembarca-semana-fibes-20220915172049-nts.html?ref=https%3A%2F%2Fsevilla.abc.es%2Fdeportes%2Farnold-sports-festival-europe-desembarca-semana-fibes-20220915172049-nts.html\" target=\"_blank\" rel=\"noopener\">https:\/\/sevilla.abc.es\/deportes\/arnold-sports-festival-europe-desembarca-semana-fibes-20220915172049-nts.html?ref=https%3A%2F%2Fsevilla.abc.es%2Fdeportes%2Farnold-sports-festival-europe-desembarca-semana-fibes-20220915172049-nts.html<\/a><\/p>\n<\/blockquote>\n<blockquote>\n<p><strong><span style=\"color: #800a0a;\">15\/09\/2022 | POLITICAON &#8211; El Festival de culturismo y fitness reunir\u00e1 en Fibes a 6.000 deportistas de 80 pa\u00edses<\/span><br \/>\n<\/strong><a href=\"https:\/\/www.politicaon.com\/pol\/2022\/09\/15\/el-festival-de-culturismo-y-fitness-reunira-en-fibes-a-6-000-deportistas-de-80-paises\/\" target=\"_blank\" rel=\"noopener\">https:\/\/www.politicaon.com\/pol\/2022\/09\/15\/el-festival-de-culturismo-y-fitness-reunira-en-fibes-a-6-000-deportistas-de-80-paises\/<\/a><\/p>\n<\/blockquote>\n<blockquote>\n<p><span style=\"color: #800a0a;\"><strong>15\/09\/2022 | Diario de Sevilla &#8211; Sevilla acoge el Arnold Sports Festival Europe este fin de semana en Fibes<\/strong><\/span><br \/>\n<a href=\"https:\/\/www.diariodesevilla.es\/deportes\/Sevilla-Arnold-Sports-Festival-Europe_0_1720629235.html\" target=\"_blank\" rel=\"noopener\">https:\/\/www.diariodesevilla.es\/deportes\/Sevilla-Arnold-Sports-Festival-Europe_0_1720629235.html<\/a><\/p>\n<\/blockquote>\n<blockquote>\n<p><span style=\"color: #800a0a;\"><strong>22\/08\/2022 | NOVA RADIO LLORET &#8211; Rafel Beltran participar\u00e0 a l\u2019Arnold Classic Europe amb els millors culturistes del m\u00f3n<\/strong><\/span><br \/>\n<a href=\"https:\/\/www.novaradiolloret.org\/rafael-beltran-participara-a-larnold-classic-europe-amb-els-millors-culturistes-del-mon\/\" target=\"_blank\" rel=\"noopener\">https:\/\/www.novaradiolloret.org\/rafael-beltran-participara-a-larnold-classic-europe-amb-els-millors-culturistes-del-mon\/<\/a><\/p>\n<\/blockquote>\n<blockquote>\n<p><span style=\"color: #800a0a;\"><strong>31\/05\/2022 | Diario de Sevilla -Vuelve a Fibes el Arnold Festival, el mayor evento de culturismo y &#8216;fitness&#8217; apadrinado por Arnold Schwarzenegger<\/strong><\/span><br \/>\n<a href=\"https:\/\/www.diariodesevilla.es\/vivirensevilla\/Fibes-Arnold-Festival-culturismo-fitness-Schwarzenegger-Sevilla-2022_0_1688531403.html\" target=\"_blank\" rel=\"noopener\">https:\/\/www.diariodesevilla.es\/vivirensevilla\/Fibes-Arnold-Festival-culturismo-fitness-Schwarzenegger-Sevilla-2022_0_1688531403.html<\/a><\/p>\n<\/blockquote>\n<\/div><div class=\"nav fusion-mobile-tab-nav\"><ul class=\"nav-tabs nav-justified\" role=\"tablist\"><li role=\"presentation\"><a class=\"tab-link\" data-toggle=\"tab\" role=\"tab\" aria-controls=\"tab-a030cb16bbcc50d1cfb\" aria-selected=\"false\" tabindex=\"-1\" id=\"mobile-fusion-tab-2022(youtube)\" href=\"#tab-a030cb16bbcc50d1cfb\"><h4 class=\"fusion-tab-heading\">2022 (YouTube)<\/h4><\/a><\/li><\/ul><\/div><div class=\"tab-pane fade fusion-clearfix\" role=\"tabpanel\" tabindex=\"0\" aria-labelledby=\"fusion-tab-2022(youtube)\" id=\"tab-a030cb16bbcc50d1cfb\">\n<blockquote>\n<p><strong>Resumen del Arnold Sport Festival Europe Sevilla 2022 \u2013 ONDA CAPITAL<\/strong><br \/>\n<a href=\"https:\/\/www.youtube.com\/watch?v=XVN2gunKAkQ\" target=\"_blank\" rel=\"noopener\">https:\/\/www.youtube.com\/watch?v=XVN2gunKAkQ<\/a><\/p>\n<\/blockquote>\n<blockquote>\n<p><strong>CULTURISTA DE 61 A\u00d1OS SE ESTRENA EN EL ARNOLD CLASSIC EUROPE 2022 (SEVILLA) |<\/strong><br \/>\n<strong>ARNOLD SPORT FESTIVAL<\/strong><br \/>\n<a href=\"https:\/\/www.youtube.com\/watch?v=9t95vZYLVmo\" target=\"_blank\" rel=\"noopener\">https:\/\/www.youtube.com\/watch?v=9t95vZYLVmo<\/a><\/p>\n<\/blockquote>\n<blockquote>\n<p><strong>EUROPEAN STRONGMAN CHAMPIONSHIP ON ARNOLD CLASSIC EUROPE Day-1<\/strong><br \/>\n<a href=\"https:\/\/www.youtube.com\/watch?v=qSQ4tYjNoXU\" target=\"_blank\" rel=\"noopener\">https:\/\/www.youtube.com\/watch?v=qSQ4tYjNoXU<\/a><\/p>\n<\/blockquote>\n<blockquote>\n<p><strong>EUROPEAN STRONGMAN CHAMPIONSHIP ON ARNOLD CLASSIC EUROPE Day-2<\/strong><br \/>\n<a href=\"https:\/\/www.youtube.com\/watch?v=vXpAsc6pitc\" target=\"_blank\" rel=\"noopener\">https:\/\/www.youtube.com\/watch?v=vXpAsc6pitc<\/a><\/p>\n<\/blockquote>\n<blockquote>\n<p><strong>Etenon Fitness en Arnold Sports Festival Europe 2022<\/strong><br \/>\n<a href=\"https:\/\/www.youtube.com\/watch?v=iFFENVUm3xw\" target=\"_blank\" rel=\"noopener\">https:\/\/www.youtube.com\/watch?v=iFFENVUm3xw<\/a><\/p>\n<\/blockquote>\n<blockquote>\n<p><strong>SHOW DAY! ARNOLD CLASSIC EUROPE 2022<\/strong><br \/>\n<a href=\"https:\/\/www.youtube.com\/watch?v=3blAr-xs6xg\" target=\"_blank\" rel=\"noopener\">https:\/\/www.youtube.com\/watch?v=3blAr-xs6xg<\/a><\/p>\n<\/blockquote>\n<\/div><div class=\"nav fusion-mobile-tab-nav\"><ul class=\"nav-tabs nav-justified\" role=\"tablist\"><li role=\"presentation\"><a class=\"tab-link\" data-toggle=\"tab\" role=\"tab\" aria-controls=\"tab-0926e95f1aa096bdf5a\" aria-selected=\"false\" tabindex=\"-1\" id=\"mobile-fusion-tab-2021\" href=\"#tab-0926e95f1aa096bdf5a\"><h4 class=\"fusion-tab-heading\">2021<\/h4><\/a><\/li><\/ul><\/div><div class=\"tab-pane fade fusion-clearfix\" role=\"tabpanel\" tabindex=\"0\" aria-labelledby=\"fusion-tab-2021\" id=\"tab-0926e95f1aa096bdf5a\">\n<blockquote>\n<p><strong style=\"color: #800a0a;\">22\/09\/2021 | Marbella Directo &#8211; Ricardo y Rafael Vera consiguen un primer y tercer puesto en el Arnold Sport Festival Europe<br \/>\n<\/strong><a href=\"http:\/\/www.marbelladirecto.com\/noticia\/ricardo-y-rafael-vera-consiguen-un-primer-y-tercer-puesto-en-el-arnold-sport-festival-europe\/16499#.YWwUIxpByUl\" target=\"_blank\" rel=\"noopener\">http:\/\/www.marbelladirecto.com\/noticia\/ricardo-y-rafael-vera-consiguen-un-primer-y-tercer-puesto-en-el-arnold-sport-festival-europe\/16499#.YWwUIxpByUl<\/a><\/p>\n<\/blockquote>\n<blockquote>\n<p><strong style=\"color: #800a0a;\">21\/09\/2021 | Marbella 24h &#8211; Los marbell\u00edes Ricardo y Rafael Vera brillan en el Arnold Classic Europe<br \/>\n<\/strong><a href=\"https:\/\/www.marbella24horas.es\/mas-deportes\/los-marbellies-ricardo-y-rafael-vera-brillan-en-el-arnold-classic-europe-31332\" target=\"_blank\" rel=\"noopener\">https:\/\/www.marbella24horas.es\/mas-deportes\/los-marbellies-ricardo-y-rafael-vera-brillan-en-el-arnold-classic-europe-31332<\/a><\/p>\n<\/blockquote>\n<blockquote>\n<p><strong style=\"color: #800a0a;\">18\/09\/21 | Mi C\u00e1mara y T\u00fa &#8211; Reportaje Arnold Sports Festival Sevilla<br \/>\n<\/strong><a href=\"https:\/\/www.youtube.com\/watch?v=7Jv-dVLr89k\" target=\"_blank\" rel=\"noopener\">https:\/\/www.youtube.com\/watch?v=7Jv-dVLr89k<\/a><\/p>\n<\/blockquote>\n<blockquote>\n<p><strong style=\"color: #800a0a;\">16\/09\/2021 | ABC &#8211; Regresa a Espa\u00f1a el gran festival deportivo de Arnold Schwarzenegger: \u00abNi el Covid puede con &#8216;Terminator&#8217;\u00bb<br \/>\n<\/strong><a href=\"https:\/\/www.abc.es\/deportes\/abci-regresa-espana-gran-festival-deportivo-arnold-schwarzenegger-covid-puede-terminator-202109161311_noticia.html\" target=\"_blank\" rel=\"noopener\">https:\/\/www.abc.es\/deportes\/abci-regresa-espana-gran-festival-deportivo-arnold-schwarzenegger-covid-puede-terminator-202109161311_noticia.html<\/a><\/p>\n<\/blockquote>\n<blockquote>\n<p><strong style=\"color: #800a0a;\">16\/09\/2021 | ABC &#8211; &#8216;Arnold Classic Europe&#8217;, el festival de culturismo de Fibes, traer\u00e1 a 20.000 personas en tres d\u00edas<br \/>\n<\/strong><a href=\"https:\/\/sevilla.abc.es\/sevilla\/sevi-festival-culturismo-fibes-atraera-20000-personas-tres-dias-202109151735_noticia.html?ref=https%3A%2F%2Fmail.google.com%2F\" target=\"_blank\" rel=\"noopener\">https:\/\/sevilla.abc.es\/sevilla\/sevi-festival-culturismo-fibes-atraera-20000-personas-tres-dias-202109151735_noticia.html?ref=https%3A%2F%2Fmail.google.com%2F<\/a><\/p>\n<\/blockquote>\n<blockquote>\n<p><strong style=\"color: #800a0a;\">16\/09\/2021 | SER &#8211; Comienza el Arnold Sports Festival Europe, el mayor evento de fitness de Espa\u00f1a<br \/>\n<\/strong><a href=\"https:\/\/cadenaser.com\/emisora\/2021\/09\/16\/radio_sevilla\/1631790886_815559.html\" target=\"_blank\" rel=\"noopener\">https:\/\/cadenaser.com\/emisora\/2021\/09\/16\/radio_sevilla\/1631790886_815559.html<\/a><\/p>\n<\/blockquote>\n<blockquote>\n<p><strong style=\"color: #800a0a;\">15\/09\/2021 | Europa Press &#8211; Fibes retoma los eventos internacionales con Arnold Sports Festival Europe, con un impacto de 3,7 millones en Sevilla<br \/>\n<\/strong><a href=\"https:\/\/www.europapress.es\/andalucia\/sevilla-00357\/noticia-fibes-retoma-eventos-internacionales-arnold-sports-festival-europe-impacto-37-millones-sevilla-20210915154519.html\" target=\"_blank\" rel=\"noopener\">https:\/\/www.europapress.es\/andalucia\/sevilla-00357\/noticia-fibes-retoma-eventos-internacionales-arnold-sports-festival-europe-impacto-37-millones-sevilla-20210915154519.html<\/a><\/p>\n<\/blockquote>\n<blockquote>\n<p><strong style=\"color: #800a0a;\">15\/09\/2021 | Diario de Sevilla &#8211; Sevilla recupera su agenda de citas internacionales en Fibes con el Arnold Festival<br \/>\n<\/strong><a href=\"https:\/\/www.diariodesevilla.es\/sevilla\/Sevilla-recupera-agenda-internacional-fibes-evento-arnold-festival-video_0_1611140103.html\" target=\"_blank\" rel=\"noopener\">https:\/\/www.diariodesevilla.es\/sevilla\/Sevilla-recupera-agenda-internacional-fibes-evento-arnold-festival-video_0_1611140103.html<\/a><\/p>\n<\/blockquote>\n<\/div><div class=\"nav fusion-mobile-tab-nav\"><ul class=\"nav-tabs nav-justified\" role=\"tablist\"><li role=\"presentation\"><a class=\"tab-link\" data-toggle=\"tab\" role=\"tab\" aria-controls=\"tab-0bb64eb2553e02cafa3\" aria-selected=\"false\" tabindex=\"-1\" id=\"mobile-fusion-tab-2020\" href=\"#tab-0bb64eb2553e02cafa3\"><h4 class=\"fusion-tab-heading\">2020<\/h4><\/a><\/li><\/ul><\/div><div class=\"tab-pane fade fusion-clearfix\" role=\"tabpanel\" tabindex=\"0\" aria-labelledby=\"fusion-tab-2020\" id=\"tab-0bb64eb2553e02cafa3\">\n<blockquote>\n<p><span style=\"color: #800a0a;\"><strong>10\/02\/2020 | CMD SPORT \u2013 <em>Arnold Classic Europe cambia Barcelona por Sevilla.<br \/>\n<\/em><\/strong><\/span><a href=\"https:\/\/www.cmdsport.com\/fitness\/actualidad-fitness\/arnold-classic-europe-cambia-barcelona-sevilla\/\" target=\"_blank\" rel=\"noopener\">https:\/\/www.cmdsport.com\/fitness\/actualidad-fitness\/arnold-classic-europe-cambia-barcelona-sevilla\/<\/a><\/p>\n<\/blockquote>\n<blockquote>\n<p><span style=\"color: #800a0a;\"><strong>08\/02\/2020 | evolutionofbodybuilding.net &#8211; <em>Arnold Sports Festival Europe in Seville will continue as planned.<br \/>\n<\/em><\/strong><\/span><a href=\"https:\/\/www.evolutionofbodybuilding.net\/the-arnold-sports-festival-in-europe-will-continue-as-planned\/\" target=\"_blank\" rel=\"noopener\">https:\/\/www.evolutionofbodybuilding.net\/the-arnold-sports-festival-in-europe-will-continue-as-planned\/<\/a><\/p>\n<\/blockquote>\n<blockquote>\n<p><span style=\"color: #800a0a;\"><strong>08\/02\/2020 | evolutionofbodybuilding.net &#8211; <em>Arnold Sports confirms partnership with Arnold Sports Festival Europe.<br \/>\n<\/em><\/strong><\/span><a href=\"https:\/\/www.evolutionofbodybuilding.net\/arnold-sports-confirms-partnership-with-arnold-sports-festival-europe\/\" target=\"_blank\" rel=\"noopener\">https:\/\/www.evolutionofbodybuilding.net\/arnold-sports-confirms-partnership-with-arnold-sports-festival-europe\/<\/a><\/p>\n<\/blockquote>\n<blockquote>\n<p><span style=\"color: #800a0a;\"><strong>07\/02\/2020 | Diario de Sevilla \u2013 <em>Schwarzenegger visitar\u00e1 Sevilla en septiembre<\/em><\/strong>.<br \/>\n<\/span><a href=\"https:\/\/www.diariodesevilla.es\/sevilla\/Schwarzenegger-visitara-Sevilla-septiembre_0_1435356613.html\" target=\"_blank\" rel=\"noopener\">https:\/\/www.diariodesevilla.es\/sevilla\/Schwarzenegger-visitara-Sevilla-septiembre_0_1435356613.html<\/a><\/p>\n<\/blockquote>\n<\/div><div class=\"nav fusion-mobile-tab-nav\"><ul class=\"nav-tabs nav-justified\" role=\"tablist\"><li role=\"presentation\"><a class=\"tab-link\" data-toggle=\"tab\" role=\"tab\" aria-controls=\"tab-069cd9043e2ea560376\" aria-selected=\"false\" tabindex=\"-1\" id=\"mobile-fusion-tab-2019\" href=\"#tab-069cd9043e2ea560376\"><h4 class=\"fusion-tab-heading\">2019<\/h4><\/a><\/li><\/ul><\/div><div class=\"tab-pane fade fusion-clearfix\" role=\"tabpanel\" tabindex=\"0\" aria-labelledby=\"fusion-tab-2019\" id=\"tab-069cd9043e2ea560376\">\n<blockquote>\n<p><strong><span style=\"color: #871414;\">20\/09\/2019 |\u00a0Europapress Catalu\u00f1a \u2013 <\/span><em><span style=\"color: #871414;\">\u201cArnold Schwarzenegger: Mi filosof\u00eda es no dejar a nadie atr\u00e1s\u201d.<\/span><br \/>\n<\/em><\/strong><a href=\"https:\/\/www.europapress.es\/catalunya\/noticia-arnold-schwarzenegger-filosofia-no-dejar-nadie-atras-20190920193623.html\" target=\"_blank\" rel=\"noopener\">https:\/\/www.europapress.es\/catalunya\/noticia-arnold-schwarzenegger-filosofia-no-dejar-nadie-atras-20190920193623.html<\/a><\/p>\n<\/blockquote>\n<blockquote>\n<p><span style=\"color: #871414;\"><strong>26\/09\/2019 |\u00a0CMD SPORT \u2013 <em>Arnold Classic Europe celebra su edici\u00f3n m\u00e1s medi\u00e1tica.<br \/>\n<\/em><\/strong><\/span><a href=\"https:\/\/www.cmdsport.com\/fitness\/actualidad-fitness\/arnold-classic-europe-celebra-edicion-mas-mediatica\/\" target=\"_blank\" rel=\"noopener\">https:\/\/www.cmdsport.com\/fitness\/actualidad-fitness\/arnold-classic-europe-celebra-edicion-mas-mediatica\/<\/a><\/p>\n<\/blockquote>\n<blockquote>\n<p><span style=\"color: #871414;\"><strong>23\/09\/2019 |\u00a0MARCA \u2013 <em>Arnold Classic Europe el evento multideportivo m\u00e1s grande.<br \/>\n<\/em><\/strong><\/span><a href=\"https:\/\/www.marca.com\/polideportivo\/album\/2019\/09\/23\/5d885f9622601df80a8b45f2.html\" target=\"_blank\" rel=\"noopener\">https:\/\/www.marca.com\/polideportivo\/album\/2019\/09\/23\/5d885f9622601df80a8b45f2.html<\/a><\/p>\n<\/blockquote>\n<blockquote>\n<p><span style=\"color: #871414;\"><strong>12\/06\/2019 |\u00a0PALCO 23 \u2013 <em>Arnold Classic Europe regresa a Barcelona marcada por la competici\u00f3n y el networking.<br \/>\n<\/em><\/strong><\/span><a href=\"https:\/\/www.palco23.com\/fuera-de-juego\/arnold-classic-europe-regresa-a-barcelona-marcada-por-la-competicion-y-el-networking.html\" target=\"_blank\" rel=\"noopener\">https:\/\/www.palco23.com\/fuera-de-juego\/arnold-classic-europe-regresa-a-barcelona-marcada-por-la-competicion-y-el-networking.html<\/a><\/p>\n<\/blockquote>\n<blockquote>\n<p><span style=\"color: #871414;\"><strong>11\/06\/2019 |\u00a0CMD SPORT \u2013 <em>Arnold Classic Europe desvela algunos de los platos fuertes de su novena edici\u00f3n.<br \/>\n<\/em><\/strong><\/span><a href=\"https:\/\/www.cmdsport.com\/esencial\/cmd-fitnessgym\/arnold-classic-europe-desvela-los-platos-fuertes-novena-edicion\/\" target=\"_blank\" rel=\"noopener\">https:\/\/www.cmdsport.com\/esencial\/cmd-fitnessgym\/arnold-classic-europe-desvela-los-platos-fuertes-novena-edicion\/<\/a><\/p>\n<\/blockquote>\n<\/div><div class=\"nav fusion-mobile-tab-nav\"><ul class=\"nav-tabs nav-justified\" role=\"tablist\"><li role=\"presentation\"><a class=\"tab-link\" data-toggle=\"tab\" role=\"tab\" aria-controls=\"tab-d15bc57d5b8a854661f\" aria-selected=\"false\" tabindex=\"-1\" id=\"mobile-fusion-tab-2018\" href=\"#tab-d15bc57d5b8a854661f\"><h4 class=\"fusion-tab-heading\">2018<\/h4><\/a><\/li><\/ul><\/div><div class=\"tab-pane fade fusion-clearfix\" role=\"tabpanel\" tabindex=\"0\" aria-labelledby=\"fusion-tab-2018\" id=\"tab-d15bc57d5b8a854661f\">\n<blockquote>\n<p><strong><span style=\"color: #850909;\">28\/09\/2018 |\u00a0Mundo Deportivo \u2013 <\/span><em><span style=\"color: #850909;\">El Arnold Classic Europe abre hoy sus puertas.<\/span><br \/>\n<\/em><\/strong><a href=\"https:\/\/www.mundodeportivo.com\/mas-deporte\/20180928\/452054545856\/el-arnold-classic-europe-abre-hoy-sus-puertas.html\" target=\"_blank\" rel=\"noopener\">https:\/\/www.mundodeportivo.com\/mas-deporte\/20180928\/452054545856\/el-arnold-classic-europe-abre-hoy-sus-puertas.html<\/a><\/p>\n<\/blockquote>\n<blockquote>\n<p><strong><span style=\"color: #850909;\">29\/09\/2018 | Europa Press Social \u2013 <\/span><em><span style=\"color: #850909;\">Arnold Schwarzenegger anima a llevar una vida activa \u201cHaz algo cada d\u00eda.\u201d<\/span><br \/>\n<\/em><\/strong><a href=\"https:\/\/www.heraldo.es\/noticias\/sociedad\/2018\/09\/28\/arnold-schwarzenegger-haz-algo-cada-dia-no-sientes-sofa-comer-patatas-1268974-310.html\" target=\"_blank\" rel=\"noopener\">https:\/\/www.heraldo.es\/noticias\/sociedad\/2018\/09\/28\/arnold-schwarzenegger-haz-algo-cada-dia-no-sientes-sofa-comer-patatas-1268974-310.html<\/a><\/p>\n<\/blockquote>\n<blockquote>\n<p><strong><span style=\"color: #850909;\">28\/09\/2018 |\u00a0Diez Minutos \u2013 <\/span><em><span style=\"color: #850909;\">Arnold Schwarzenegger visita Barcelona en la apertura del Arnold Classic Europe.<\/span><br \/>\n<\/em><\/strong><a href=\"https:\/\/www.diezminutos.es\/famosos-corazon\/famosos-extranjeros\/a23519742\/arnold-schwarzenegger-arnold-classic-europe\/\" target=\"_blank\" rel=\"noopener\">https:\/\/www.diezminutos.es\/famosos-corazon\/famosos-extranjeros\/a23519742\/arnold-schwarzenegger-arnold-classic-europe\/<\/a><\/p>\n<\/blockquote>\n<blockquote>\n<p><strong><span style=\"color: #850909;\">30\/09\/2018 |\u00a0El Comercio.com \u2013 <\/span><em><span style=\"color: #850909;\">Schwarzenegger como hace 30 a\u00f1os: trabajar el cuerpo y comer bien, la clave.<\/span><br \/>\n<\/em><\/strong><a href=\"https:\/\/www.elcomercio.com\/tendencias\/schwarzenegger-cuerpo-comer-salud-actor.html\" target=\"_blank\" rel=\"noopener\">https:\/\/www.elcomercio.com\/tendencias\/schwarzenegger-cuerpo-comer-salud-actor.html<\/a><\/p>\n<\/blockquote>\n<\/div><div class=\"nav fusion-mobile-tab-nav\"><ul class=\"nav-tabs nav-justified\" role=\"tablist\"><li role=\"presentation\"><a class=\"tab-link\" data-toggle=\"tab\" role=\"tab\" aria-controls=\"tab-a3d5a5658b9909bbd68\" aria-selected=\"false\" tabindex=\"-1\" id=\"mobile-fusion-tab-2017\" href=\"#tab-a3d5a5658b9909bbd68\"><h4 class=\"fusion-tab-heading\">2017<\/h4><\/a><\/li><\/ul><\/div><div class=\"tab-pane fade fusion-clearfix\" role=\"tabpanel\" tabindex=\"0\" aria-labelledby=\"fusion-tab-2017\" id=\"tab-a3d5a5658b9909bbd68\">\n<p><span style=\"color: #750909;\"><strong>30\/06\/2017 | Palco 23 \u2013 <em>El Arnold Classic Europe volver\u00e1 por segundo a\u00f1o a Barcelona con nuevas modalidades deportivas.<br \/>\n<\/em><\/strong><\/span><a href=\"https:\/\/www.palco23.com\/fitness\/la-arnold-classic-europe-volvera-a-barcelona-con-nuevas-modalidades-de-competicion.html\" target=\"_blank\" rel=\"noopener\">https:\/\/www.palco23.com\/fitness\/la-arnold-classic-europe-volvera-a-barcelona-con-nuevas-modalidades-de-competicion.html<\/a><\/p>\n<\/div><div class=\"nav fusion-mobile-tab-nav\"><ul class=\"nav-tabs nav-justified\" role=\"tablist\"><li role=\"presentation\"><a class=\"tab-link\" data-toggle=\"tab\" role=\"tab\" aria-controls=\"tab-02fc80efe9805894c74\" aria-selected=\"false\" tabindex=\"-1\" id=\"mobile-fusion-tab-2016\" href=\"#tab-02fc80efe9805894c74\"><h4 class=\"fusion-tab-heading\">2016<\/h4><\/a><\/li><\/ul><\/div><div class=\"tab-pane fade fusion-clearfix\" role=\"tabpanel\" tabindex=\"0\" aria-labelledby=\"fusion-tab-2016\" id=\"tab-02fc80efe9805894c74\">\n<blockquote>\n<p><strong><span style=\"color: #730505;\">24\/09\/2016 | Diez Minutos \u2013 <\/span><em><span style=\"color: #730505;\">Arnold Schwarzenegger revoluciona Barcelona en su llegada al Arnold Classic Europe.<\/span><br \/>\n<\/em><\/strong><a href=\"https:\/\/www.diezminutos.es\/famosos-corazon\/famosos-extranjeros\/news\/a4512\/arnold-schwarzenegger-revoluciona-a-los-jugadores-del-barcelona\/\" target=\"_blank\" rel=\"noopener\">https:\/\/www.diezminutos.es\/famosos-corazon\/famosos-extranjeros\/news\/a4512\/arnold-schwarzenegger-revoluciona-a-los-jugadores-del-barcelona\/<\/a><\/p>\n<\/blockquote>\n<blockquote>\n<p><span style=\"color: #730505;\"><strong>24\/09\/2016 | La Raz\u00f3n \u2013 <em>El Arnold Classic Europe se muda a Barcelona<\/em><\/strong>.<\/span><br \/>\n<a href=\"https:\/\/www.larazon.es\/local\/cataluna\/el-arnold-classic-europe-se-muda-a-barcelona-HO13590142\/\" target=\"_blank\" rel=\"noopener\">https:\/\/www.larazon.es\/local\/cataluna\/el-arnold-classic-europe-se-muda-a-barcelona-HO13590142\/<\/a><\/p>\n<\/blockquote>\n<blockquote>\n<p><strong><span style=\"color: #730505;\">23\/09\/2016 | Sport.es \u2013 <\/span><em><span style=\"color: #730505;\">Arnold Schwarzenegger lleva el Arnold Classic Europe a Barcelona<\/span><br \/>\n<\/em><\/strong><a href=\"https:\/\/www.sport.es\/es\/noticias\/deporte-extremo\/arnold-schwarzenegger-lleva-feria-del-culturismo-barcelona-5411559\" target=\"_blank\" rel=\"noopener\">https:\/\/www.sport.es\/es\/noticias\/deporte-extremo\/arnold-schwarzenegger-lleva-feria-del-culturismo-barcelona-5411559<\/a><\/p>\n<\/blockquote>\n<\/div><\/div><\/div><\/div><\/div><\/div><\/div>\n","protected":false},"excerpt":{"rendered":"","protected":false},"author":1,"featured_media":0,"parent":0,"menu_order":0,"comment_status":"closed","ping_status":"closed","template":"","meta":{"footnotes":""},"class_list":["post-3192","page","type-page","status-publish","hentry"],"_links":{"self":[{"href":"https:\/\/arnoldsportsfestivaleurope.com\/en\/wp-json\/wp\/v2\/pages\/3192","targetHints":{"allow":["GET"]}}],"collection":[{"href":"https:\/\/arnoldsportsfestivaleurope.com\/en\/wp-json\/wp\/v2\/pages"}],"about":[{"href":"https:\/\/arnoldsportsfestivaleurope.com\/en\/wp-json\/wp\/v2\/types\/page"}],"author":[{"embeddable":true,"href":"https:\/\/arnoldsportsfestivaleurope.com\/en\/wp-json\/wp\/v2\/users\/1"}],"replies":[{"embeddable":true,"href":"https:\/\/arnoldsportsfestivaleurope.com\/en\/wp-json\/wp\/v2\/comments?post=3192"}],"version-history":[{"count":4,"href":"https:\/\/arnoldsportsfestivaleurope.com\/en\/wp-json\/wp\/v2\/pages\/3192\/revisions"}],"predecessor-version":[{"id":5718,"href":"https:\/\/arnoldsportsfestivaleurope.com\/en\/wp-json\/wp\/v2\/pages\/3192\/revisions\/5718"}],"wp:attachment":[{"href":"https:\/\/arnoldsportsfestivaleurope.com\/en\/wp-json\/wp\/v2\/media?parent=3192"}],"curies":[{"name":"wp","href":"https:\/\/api.w.org\/{rel}","templated":true}]}}